{"id":1069,"date":"2022-09-28T09:49:26","date_gmt":"2022-09-28T09:49:26","guid":{"rendered":"https:\/\/www.emergingskills.eu\/teisine-informacija\/"},"modified":"2024-09-04T09:13:38","modified_gmt":"2024-09-04T09:13:38","slug":"teisine-informacija","status":"publish","type":"page","link":"https:\/\/www.emergingskills.eu\/lt\/teisine-informacija\/","title":{"rendered":"Teisin\u0117 informacija"},"content":{"rendered":"\n<h2 class=\"wp-block-heading\" id=\"1-edition-du-site\">1 &#8211; Svetain\u0117s redagavimas<\/h2>\n\n<p>Pagal <a href=\"https:\/\/www.legifrance.gouv.fr\/affichTexte.do?cidTexte=JORFTEXT000000801164#LEGIARTI000042038977\" target=\"_blank\" rel=\"noreferrer noopener\">2004 m. bir\u017eelio 21 d. Pranc\u016bzijos \u012fstatymo Nr. 2004-575<\/a> d\u0117l pasitik\u0117jimo skaitmenine ekonomika <a href=\"https:\/\/www.legifrance.gouv.fr\/affichTexte.do?cidTexte=JORFTEXT000000801164#LEGIARTI000042038977\" target=\"_blank\" rel=\"noreferrer noopener\">6 straipsn\u012f<\/a>, <strong>svetain\u0117s https:\/\/www.ecsi-landes.fr (<\/strong> toliau &#8211; <strong>svetain\u0117<\/strong> <strong>)<\/strong> naudotojai informuojami apie \u012fvairi\u0173 \u0161ali\u0173, dalyvavusi\u0173 j\u0105 kuriant ir t\u0119siant jos veikl\u0105, tapatyb\u0119:  <\/p>\n\n<ul class=\"wp-block-list\">\n<li><strong>Sklypo savininkas:<\/strong> MAISON DE L&#8217;EUROPE DES LANDES WIPSEE  \n<ul class=\"wp-block-list\">\n<li>  SIRET: 85230703200015<\/li>\n\n\n\n<li>Pa\u0161to adresas: 5 rue de Lesborde 40465 PONTONX SUR L&#8217;ADOUR<\/li>\n\n\n\n<li>Kontaktai: ecsilandes@gmail.com<\/li>\n<\/ul>\n<\/li>\n<\/ul>\n\n<ul class=\"wp-block-list\">\n<li><strong>Dizainas ir gamyba: <\/strong>tricorn SAS &#8211; <a href=\"https:\/\/www.tricorn.fr\/\">https:\/\/www.tricorn.fr<\/a> &#8211; Kontaktai: bonjour@tricorn.fr.<\/li>\n<\/ul>\n\n<ul class=\"wp-block-list\">\n<li><strong>Priiman\u010dioji \u0161alis:<\/strong> O2Switch &#8211; 222 Boulevard Gustave Flaubert, 63000 Clermont-Ferrand &#8211; Telefonas: 04.44.44.60.40<\/li>\n<\/ul>\n\n<hr class=\"wp-block-separator has-alpha-channel-opacity\"\/>\n\n<h2 class=\"wp-block-heading\" id=\"2-propriete-intellectuelle-et-contrefacons\">2 &#8211; Intelektin\u0117 nuosavyb\u0117 ir klastojimas.<\/h2>\n\n<p>\u0160ios svetain\u0117s savininkui priklauso intelektin\u0117s nuosavyb\u0117s ir naudojimo teis\u0117s \u012f visus \u0161ioje svetain\u0117je esan\u010dius prieinamus elementus, \u012fskaitant tekstus, paveiksl\u0117lius, grafik\u0105, logotipus, vaizdo \u012fra\u0161us, architekt\u016br\u0105, piktogramas ir garsus.<\/p>\n\n<p>Draud\u017eiama atgaminti, vaizduoti, keisti, publikuoti, adaptuoti visus svetain\u0117s elementus ar j\u0173 dal\u012f, nesvarbu, kokiomis priemon\u0117mis ar kokiu b\u016bdu tai daroma, i\u0161skyrus atvejus, kai yra gautas i\u0161ankstinis ra\u0161ti\u0161kas \u0161ios svetain\u0117s savininko leidimas.<\/p>\n\n<p>Bet koks neteis\u0117tas svetain\u0117s ar bet kurio joje esan\u010dio elemento naudojimas bus laikomas pa\u017eeidimu ir bus persekiojamas pagal <a href=\"https:\/\/www.legifrance.gouv.fr\/affichCodeArticle.do?idArticle=LEGIARTI000032655082&amp;cidTexte=LEGITEXT000006069414&amp;dateTexte=20160605\" target=\"_blank\" rel=\"noreferrer noopener\">Pranc\u016bzijos intelektin\u0117s nuosavyb\u0117s kodekso L.335-2 ir tolesni\u0173<\/a> straipsni\u0173 nuostatas <a href=\"https:\/\/www.legifrance.gouv.fr\/affichCodeArticle.do?idArticle=LEGIARTI000032655082&amp;cidTexte=LEGITEXT000006069414&amp;dateTexte=20160605\" target=\"_blank\" rel=\"noreferrer noopener\">.<\/a><\/p>\n\n<hr class=\"wp-block-separator has-alpha-channel-opacity\"\/>\n\n<h2 class=\"wp-block-heading\" id=\"3-limitations-de-responsabilite\">3 &#8211; Atsakomyb\u0117s apribojimai.<\/h2>\n\n<p>\u0160ios svetain\u0117s savininkas negali b\u016bti laikomas atsakingu u\u017e bet koki\u0105 tiesiogin\u0119 ar netiesiogin\u0119 \u017eal\u0105, padaryt\u0105 naudotojo \u012frangai, kai jis naudojasi \u0161ia svetaine.<\/p>\n\n<p>\u0160ios svetain\u0117s savininkas neprisiima jokios atsakomyb\u0117s u\u017e tai, kaip gali b\u016bti naudojama svetain\u0117je pateikta informacija ir turinys.<\/p>\n\n<p>\u0160ios svetain\u0117s savininkas \u012fsipareigoja pagal galimybes u\u017etikrinti \u0161ios svetain\u0117s saugum\u0105. Ta\u010diau jis negali b\u016bti laikomas atsakingu, jei be jo \u017einios \u012f jo svetain\u0119 importuojami ir joje \u012fdiegiami nepageidaujami duomenys.<\/p>\n\n<p>Naudotojai gali naudotis interaktyviomis sritimis (kontaktin\u0117 erdv\u0117 arba komentarai).\n\u0160ios svetain\u0117s savininkas pasilieka teis\u0119 be i\u0161ankstinio \u012fsp\u0117jimo i\u0161trinti bet kok\u012f \u0161ioje srityje paskelbt\u0105 turin\u012f, kuris prie\u0161tarauja Pranc\u016bzijoje taikomiems teis\u0117s aktams, ypa\u010d nuostatoms, susijusioms su duomen\u0173 apsauga. <\/p>\n\n<p>Prireikus \u0161ios svetain\u0117s savininkas taip pat pasilieka teis\u0119 patraukti naudotoj\u0105 civilin\u0117n ir (arba) baud\u017eiamojon atsakomyb\u0117n, ypa\u010d u\u017e rasistinio, \u012f\u017eeid\u017eian\u010dio, \u0161mei\u017eiki\u0161ko ar pornografinio pob\u016bd\u017eio prane\u0161imus, neatsi\u017evelgiant \u012f tai, kokioje laikmenoje (tekste, nuotraukose ir pan.) jie pateikiami.<\/p>\n\n<hr class=\"wp-block-separator has-alpha-channel-opacity\"\/>\n\n<h2 class=\"wp-block-heading\" id=\"4-cnil-et-gestion-des-donnees-personnelles\">4 &#8211; CNIL ir asmens duomen\u0173 valdymas.<\/h2>\n\n<p>Pagal <a rel=\"noreferrer noopener\" href=\"https:\/\/www.legifrance.gouv.fr\/affichTexte.do?cidTexte=JORFTEXT000000886460\" target=\"_blank\">1978 m. sausio 6 d. \u012estatymo 78-17 su pakeitimais<\/a> nuostatas \u0161ios svetain\u0117s naudotojai turi teis\u0119 susipa\u017einti su surinkta informacija, j\u0105 keisti ir i\u0161trinti.\nNor\u0117dami pasinaudoti \u0161ia teise, si\u0173skite prane\u0161im\u0105 m\u016bs\u0173 duomen\u0173 apsaugos pareig\u016bnui. <\/p>\n\n<p>Daugiau informacijos apie tai, kaip tvarkome j\u016bs\u0173 duomenis (duomen\u0173 tipas, tikslas, gav\u0117jas ir kt.), rasite m\u016bs\u0173 <a href=\"https:\/\/www.ecsi-landes.fr\/declaration-de-confidentialite-ue\/\" data-type=\"page\" data-id=\"32\">privatumo politikoje<\/a>.<\/p>\n\n<hr class=\"wp-block-separator has-alpha-channel-opacity\"\/>\n\n<h2 class=\"wp-block-heading\" id=\"5-liens-hypertextes-et-cookies\">5 &#8211; Hipertekstin\u0117s nuorodos ir slapukai<\/h2>\n\n<p>\u0160ioje svetain\u0117je yra hipertekstini\u0173 nuorod\u0173 \u012f kitas svetaines, ir ji neprisiima jokios atsakomyb\u0117s u\u017e \u0161ias i\u0161orines nuorodas ar kit\u0173 svetaini\u0173 sukurtas nuorodas \u012f \u0161i\u0105 svetain\u0119.<\/p>\n\n<p>Nar\u0161ant \u0161ioje svetain\u0117je \u012f naudotojo kompiuter\u012f gali b\u016bti \u012fdiegti slapukai.<\/p>\n\n<p>&#8222;Slapukas&#8221; &#8211; tai nedidelis failas, kuriame \u012fra\u0161oma informacija apie naudotojo nar\u0161ym\u0105 svetain\u0117je.\nTaip gautus duomenis galima naudoti, pavyzd\u017eiui, lankytoj\u0173 skai\u010diui matuoti. <\/p>\n\n<p>Pakeit\u0119 savo nar\u0161ykl\u0117s nustatymus, galite <strong>priimti slapukus arba j\u0173 atsisakyti<\/strong>.\nBe j\u016bs\u0173 sutikimo jokie slapukai nebus deponuojami. <\/p>\n\n<p>Slapukai saugomi ne ilgiau kaip 12 m\u0117nesi\u0173.<\/p>\n\n<p>Daugiau informacijos apie tai, kaip naudojame slapukus, <a href=\"https:\/\/www.ecsi-landes.fr\/politique-de-cookies-eu\/\" data-type=\"page\" data-id=\"31\">rasite m\u016bs\u0173 slapuk\u0173 politikoje.<\/a><\/p>\n\n<hr class=\"wp-block-separator has-alpha-channel-opacity\"\/>\n\n<h2 class=\"wp-block-heading\" id=\"6-droit-applicable-et-attribution-de-juridiction\">6 &#8211; Taikytina teis\u0117 ir jurisdikcija.<\/h2>\n\n<p>Bet kokiems gin\u010dams, susijusiems su \u0161ios pranc\u016bzi\u0161kos svetain\u0117s naudojimu, taikoma Pranc\u016bzijos teis\u0117.\nI\u0161skyrus atvejus, kai to neleid\u017eia \u012fstatymai, i\u0161imtin\u0117 jurisdikcija priklauso kompetentingam teismui, esan\u010diam mieste, kuriame gyvena \u0161ios svetain\u0117s savininkas. <\/p>\n\n<p><\/p>\n","protected":false},"excerpt":{"rendered":"<p>1 &#8211; Svetain\u0117s redagavimas Pagal 2004 m. bir\u017eelio 21 d. Pranc\u016bzijos \u012fstatymo Nr. 2004-575 d\u0117l pasitik\u0117jimo skaitmenine ekonomika 6 straipsn\u012f, svetain\u0117s https:\/\/www.ecsi-landes.fr ( toliau &#8211; svetain\u0117 ) naudotojai informuojami apie \u012fvairi\u0173 \u0161ali\u0173, dalyvavusi\u0173 j\u0105 kuriant ir t\u0119siant jos veikl\u0105, tapatyb\u0119: 2 &#8211; Intelektin\u0117 nuosavyb\u0117 ir klastojimas. \u0160ios svetain\u0117s savininkui priklauso intelektin\u0117s nuosavyb\u0117s ir naudojimo teis\u0117s [&hellip;]<\/p>\n","protected":false},"author":1,"featured_media":0,"parent":0,"menu_order":0,"comment_status":"closed","ping_status":"closed","template":"","meta":{"_acf_changed":false,"inline_featured_image":false,"footnotes":""},"categories":[65],"tags":[],"class_list":["post-1069","page","type-page","status-publish","hentry","category-teisinis"],"acf":[],"_links":{"self":[{"href":"https:\/\/www.emergingskills.eu\/lt\/wp-json\/wp\/v2\/pages\/1069","targetHints":{"allow":["GET"]}}],"collection":[{"href":"https:\/\/www.emergingskills.eu\/lt\/wp-json\/wp\/v2\/pages"}],"about":[{"href":"https:\/\/www.emergingskills.eu\/lt\/wp-json\/wp\/v2\/types\/page"}],"author":[{"embeddable":true,"href":"https:\/\/www.emergingskills.eu\/lt\/wp-json\/wp\/v2\/users\/1"}],"replies":[{"embeddable":true,"href":"https:\/\/www.emergingskills.eu\/lt\/wp-json\/wp\/v2\/comments?post=1069"}],"version-history":[{"count":1,"href":"https:\/\/www.emergingskills.eu\/lt\/wp-json\/wp\/v2\/pages\/1069\/revisions"}],"predecessor-version":[{"id":1071,"href":"https:\/\/www.emergingskills.eu\/lt\/wp-json\/wp\/v2\/pages\/1069\/revisions\/1071"}],"wp:attachment":[{"href":"https:\/\/www.emergingskills.eu\/lt\/wp-json\/wp\/v2\/media?parent=1069"}],"wp:term":[{"taxonomy":"category","embeddable":true,"href":"https:\/\/www.emergingskills.eu\/lt\/wp-json\/wp\/v2\/categories?post=1069"},{"taxonomy":"post_tag","embeddable":true,"href":"https:\/\/www.emergingskills.eu\/lt\/wp-json\/wp\/v2\/tags?post=1069"}],"curies":[{"name":"wp","href":"https:\/\/api.w.org\/{rel}","templated":true}]}}