{"id":1066,"date":"2022-09-28T09:06:30","date_gmt":"2022-09-28T09:06:30","guid":{"rendered":"https:\/\/www.emergingskills.eu\/declaratie-de-confidentialitate-ue\/"},"modified":"2024-09-04T09:13:39","modified_gmt":"2024-09-04T09:13:39","slug":"declaratie-de-confidentialitate-ue","status":"publish","type":"page","link":"https:\/\/www.emergingskills.eu\/ro\/declaratie-de-confidentialitate-ue\/","title":{"rendered":"Declara\u021bie de confiden\u021bialitate (UE)"},"content":{"rendered":"\n<p>\u00cen aceast\u0103 declara\u021bie de confiden\u021bialitate, explic\u0103m ce facem cu datele pe care le ob\u021binem despre dvs. prin intermediul <a href=\"https:\/\/www.ecsi-landes.fr\/\" data-type=\"page\" data-id=\"24\">acestui site web<\/a>.\nV\u0103 recomand\u0103m s\u0103 citi\u021bi cu aten\u021bie aceast\u0103 declara\u021bie.\nAtunci c\u00e2nd prelucr\u0103m datele dumneavoastr\u0103, respect\u0103m cerin\u021bele legisla\u021biei privind confiden\u021bialitatea.\nAceasta \u00eenseamn\u0103, printre altele, c\u0103 :   <\/p>\n\n<ul class=\"wp-block-list\">\n<li>Indic\u0103m \u00een mod clar scopurile pentru care prelucr\u0103m datele cu caracter personal.\nFacem acest lucru \u00een aceast\u0103 declara\u021bie de confiden\u021bialitate; <\/li>\n\n\n\n<li>Ne propunem s\u0103 limit\u0103m colectarea datelor cu caracter personal la cele necesare \u00een scopuri legitime;<\/li>\n\n\n\n<li>V\u0103 solicit\u0103m mai \u00eent\u00e2i consim\u021b\u0103m\u00e2ntul explicit pentru a v\u0103 prelucra datele cu caracter personal \u00een cazurile \u00een care consim\u021b\u0103m\u00e2ntul dumneavoastr\u0103 este necesar;<\/li>\n\n\n\n<li>Lu\u0103m m\u0103suri de securitate adecvate pentru a v\u0103 proteja datele cu caracter personal \u0219i solicit\u0103m acela\u0219i lucru p\u0103r\u021bilor care prelucreaz\u0103 date cu caracter personal \u00een numele nostru;<\/li>\n\n\n\n<li>V\u0103 respect\u0103m dreptul de a consulta, corecta sau \u0219terge datele dumneavoastr\u0103 cu caracter personal, dac\u0103 solicita\u021bi acest lucru.<\/li>\n<\/ul>\n\n<p>Dac\u0103 ave\u021bi \u00eentreb\u0103ri sau dori\u021bi s\u0103 \u0219ti\u021bi exact ce date de\u021binem, v\u0103 rug\u0103m s\u0103 ne contacta\u021bi.<\/p>\n\n<div style=\"height:50px\" aria-hidden=\"true\" class=\"wp-block-spacer\"><\/div>\n\n<h2 class=\"wp-block-heading\">1. Scop, date \u0219i perioad\u0103 de p\u0103strare<\/h2>\n\n<p>Putem colecta sau primi informa\u021bii cu caracter personal din mai multe motive legate de activit\u0103\u021bile noastre comerciale, inclusiv urm\u0103toarele: (face\u021bi clic pentru a desf\u0103\u0219ura)  <\/p>\n\n<div style=\"height:50px\" aria-hidden=\"true\" class=\"wp-block-spacer\"><\/div>\n\n<h3 class=\"wp-block-heading\">1.1 Contact &#8211; Prin telefon, po\u0219t\u0103, e-mail \u0219i\/sau formulare web<\/h3>\n\n<p>\u00cen acest scop, utiliz\u0103m urm\u0103toarele date:<\/p>\n\n<ul class=\"wp-block-list\">\n<li>Nume, adres\u0103 \u0219i localitate<\/li>\n\n\n\n<li>Adresa de e-mail<\/li>\n\n\n\n<li>Num\u0103rul de telefon<\/li>\n<\/ul>\n\n<p><strong>Baza pe care putem prelucra aceste date este:<\/strong><\/p>\n\n<p><a rel=\"noreferrer noopener\" href=\"https:\/\/cookiedatabase.org\/legal-bases\/#consent\" target=\"_blank\">Dup\u0103 ce v-a\u021bi dat consim\u021b\u0103m\u00e2ntul.<\/a><\/p>\n\n<p><strong>Perioada de valabilitate<\/strong><\/p>\n\n<p>P\u0103str\u0103m aceste date p\u00e2n\u0103 la sf\u00e2r\u0219itul serviciului.<\/p>\n\n<div style=\"height:50px\" aria-hidden=\"true\" class=\"wp-block-spacer\"><\/div>\n\n<p><a rel=\"noreferrer noopener\" href=\"https:\/\/cookiedatabase.org\/legal-bases\/#consent\" target=\"_blank\"><\/a><\/p>\n\n<h3 class=\"wp-block-heading\">1.2 Pentru a respecta obliga\u021biile legale<\/h3>\n\n<p>\u00cen acest scop, utiliz\u0103m urm\u0103toarele date:<\/p>\n\n<ul class=\"wp-block-list\">\n<li>Adresa IP<\/li>\n<\/ul>\n\n<p>Baza pe care putem prelucra aceste date este<a target=\"_blank\" rel=\"noreferrer noopener\" href=\"https:\/\/cookiedatabase.org\/legal-bases\/#consent\">: Dup\u0103 ce v-a\u021bi dat consim\u021b\u0103m\u00e2ntul.<\/a><\/p>\n\n<p><strong>Perioada de valabilitate<\/strong><\/p>\n\n<p>P\u0103str\u0103m aceste date p\u00e2n\u0103 la sf\u00e2r\u0219itul serviciului.<\/p>\n\n<div style=\"height:50px\" aria-hidden=\"true\" class=\"wp-block-spacer\"><\/div>\n\n<p><a rel=\"noreferrer noopener\" href=\"https:\/\/cookiedatabase.org\/legal-bases\/#consent\" target=\"_blank\"><\/a><\/p>\n\n<h3 class=\"wp-block-heading\">1.3 Compilarea \u0219i analizarea statisticilor pentru \u00eembun\u0103t\u0103\u021birea site-ului web.<\/h3>\n\n<p>\u00cen acest scop, utiliz\u0103m urm\u0103toarele date:<\/p>\n\n<ul class=\"wp-block-list\">\n<li>Nume, adres\u0103 \u0219i localitate<\/li>\n\n\n\n<li>Adresa IP<\/li>\n<\/ul>\n\n<p>Baza pe care putem prelucra aceste date este<a target=\"_blank\" rel=\"noreferrer noopener\" href=\"https:\/\/cookiedatabase.org\/legal-bases\/#consent\">: Dup\u0103 ce v-a\u021bi dat consim\u021b\u0103m\u00e2ntul.<\/a><\/p>\n\n<p><strong>Perioada de valabilitate<\/strong><\/p>\n\n<p>P\u0103str\u0103m aceste date p\u00e2n\u0103 la sf\u00e2r\u0219itul serviciului.<\/p>\n\n<p>\u00cen acest scop, utiliz\u0103m urm\u0103toarele date:<\/p>\n\n<ul class=\"wp-block-list\">\n<li>Nume, adres\u0103 \u0219i localitate<\/li>\n\n\n\n<li>Adresa IP<\/li>\n<\/ul>\n\n<p>Baza pe care putem prelucra aceste date este<a target=\"_blank\" rel=\"noreferrer noopener\" href=\"https:\/\/cookiedatabase.org\/legal-bases\/#consent\">: Dup\u0103 ce v-a\u021bi dat consim\u021b\u0103m\u00e2ntul.<\/a><\/p>\n\n<p>Perioada de valabilitate<\/p>\n\n<p>P\u0103str\u0103m aceste date p\u00e2n\u0103 la sf\u00e2r\u0219itul serviciului.<\/p>\n\n<div style=\"height:50px\" aria-hidden=\"true\" class=\"wp-block-spacer\"><\/div>\n\n<p><a rel=\"noreferrer noopener\" href=\"https:\/\/cookiedatabase.org\/legal-bases\/#consent\" target=\"_blank\"><\/a><\/p>\n\n<h2 class=\"wp-block-heading\">2. Partajarea cu alte p\u0103r\u021bi<\/h2>\n\n<p>\u00cemp\u0103rt\u0103\u0219im sau divulg\u0103m aceste date subcontractan\u021bilor numai \u00een urm\u0103toarele scopuri:<\/p>\n\n<ul class=\"wp-block-list\">\n<li>Compilarea datelor ob\u021binute pentru a evalua calitatea serviciului nostru<\/li>\n<\/ul>\n\n<p><\/p>\n\n<p><strong>Subcontractan\u021bi<\/strong><\/p>\n\n<ul class=\"wp-block-list\">\n<li>Google Analytics<\/li>\n<\/ul>\n\n<div style=\"height:50px\" aria-hidden=\"true\" class=\"wp-block-spacer\"><\/div>\n\n<h2 class=\"wp-block-heading\">3. Cookie-uri<\/h2>\n\n<p>Site-ul nostru utilizeaz\u0103 module cookie.\nPentru mai multe informa\u021bii despre modulele cookie, v\u0103 rug\u0103m s\u0103 consulta\u021bi <a href=\"https:\/\/www.ecsi-landes.fr\/politique-de-cookies-eu\/\" data-type=\"page\" data-id=\"31\">Politica<\/a> noastr\u0103 <a href=\"https:\/\/www.ecsi-landes.fr\/politique-de-cookies-eu\/\" data-type=\"page\" data-id=\"31\">privind modulele cookie<\/a>.   <\/p>\n\n<div style=\"height:50px\" aria-hidden=\"true\" class=\"wp-block-spacer\"><\/div>\n\n<h2 class=\"wp-block-heading\">4. Securitate<\/h2>\n\n<p>Ne angaj\u0103m s\u0103 asigur\u0103m securitatea datelor cu caracter personal.\nLu\u0103m m\u0103suri de securitate adecvate pentru a limita utilizarea abuziv\u0103 \u0219i accesul neautorizat la datele cu caracter personal.\nAstfel, ne asigur\u0103m c\u0103 numai persoanele necesare au acces la datele dumneavoastr\u0103, c\u0103 accesul la date este protejat \u0219i c\u0103 m\u0103surile noastre de securitate sunt revizuite periodic.    <\/p>\n\n<div style=\"height:50px\" aria-hidden=\"true\" class=\"wp-block-spacer\"><\/div>\n\n<h2 class=\"wp-block-heading\">5. Site-uri web ale ter\u021bilor<\/h2>\n\n<p>Prezenta declara\u021bie de confiden\u021bialitate nu se aplic\u0103 site-urilor web ale ter\u021bilor care au leg\u0103tur\u0103 cu site-ul nostru.\nNu putem garanta c\u0103 aceste p\u0103r\u021bi ter\u021be gestioneaz\u0103 datele dvs. personale \u00eentr-un mod fiabil sau sigur.\nV\u0103 recomand\u0103m s\u0103 citi\u021bi declara\u021biile de confiden\u021bialitate ale acestor site-uri \u00eenainte de a le utiliza.    <\/p>\n\n<div style=\"height:50px\" aria-hidden=\"true\" class=\"wp-block-spacer\"><\/div>\n\n<h2 class=\"wp-block-heading\">6. Modific\u0103ri ale prezentei declara\u021bii de confiden\u021bialitate<\/h2>\n\n<p>Ne rezerv\u0103m dreptul de a modifica prezenta declara\u021bie de confiden\u021bialitate.\nV\u0103 sf\u0103tuim s\u0103 consulta\u021bi \u00een mod regulat aceast\u0103 declara\u021bie de confiden\u021bialitate pentru a lua act de orice modific\u0103ri.\nDe asemenea, v\u0103 vom informa \u00een mod activ ori de c\u00e2te ori este posibil.    <\/p>\n\n<div style=\"height:50px\" aria-hidden=\"true\" class=\"wp-block-spacer\"><\/div>\n\n<h2 class=\"wp-block-heading\">7. Accesa\u021bi \u0219i modifica\u021bi datele dumneavoastr\u0103<\/h2>\n\n<p>Dac\u0103 ave\u021bi \u00eentreb\u0103ri sau dori\u021bi s\u0103 \u0219ti\u021bi ce date cu caracter personal de\u021binem despre dumneavoastr\u0103, v\u0103 rug\u0103m s\u0103 ne contacta\u021bi.\nNe pute\u021bi contacta folosind detaliile de mai jos.\nAve\u021bi urm\u0103toarele drepturi:  <\/p>\n\n<ul class=\"wp-block-list\">\n<li>Ave\u021bi dreptul s\u0103 \u0219ti\u021bi de ce sunt necesare datele dvs. personale, ce se va \u00eent\u00e2mpla cu acestea \u0219i c\u00e2t timp vor fi p\u0103strate.<\/li>\n\n\n\n<li>Dreptul de acces: ave\u021bi dreptul de a v\u0103 accesa datele cu caracter personal cunoscute de noi.<\/li>\n\n\n\n<li>Dreptul de rectificare: ave\u021bi dreptul \u00een orice moment de a ad\u0103uga, corecta, \u0219terge sau bloca datele dvs. cu caracter personal.<\/li>\n\n\n\n<li>Dac\u0103 ne-a\u021bi dat consim\u021b\u0103m\u00e2ntul pentru prelucrarea datelor dumneavoastr\u0103, ave\u021bi dreptul de a revoca acest consim\u021b\u0103m\u00e2nt \u0219i de a v\u0103 \u0219terge datele cu caracter personal.<\/li>\n\n\n\n<li>Dreptul de a v\u0103 transfera datele: ave\u021bi dreptul de a solicita toate datele dvs. cu caracter personal de la operatorul de date \u0219i de a le transfera \u00een \u00eentregime unui alt operator de date.<\/li>\n\n\n\n<li>Dreptul la opozi\u021bie: v\u0103 pute\u021bi opune prelucr\u0103rii datelor dumneavoastr\u0103.\nNe vom conforma, cu excep\u021bia cazului \u00een care exist\u0103 motive pentru a proceda astfel. <\/li>\n<\/ul>\n\n<p>Asigura\u021bi-v\u0103 c\u0103 indica\u021bi \u00eentotdeauna clar cine sunte\u021bi, astfel \u00eenc\u00e2t s\u0103 putem fi siguri c\u0103 nu modific\u0103m sau \u0219tergem datele persoanei gre\u0219ite.<\/p>\n\n<div style=\"height:50px\" aria-hidden=\"true\" class=\"wp-block-spacer\"><\/div>\n\n<h2 class=\"wp-block-heading\">8. Depunerea unei pl\u00e2ngeri<\/h2>\n\n<p>Dac\u0103 nu sunte\u021bi mul\u021bumit de modul \u00een care trat\u0103m (o pl\u00e2ngere privind) prelucrarea datelor dvs. cu caracter personal, ave\u021bi dreptul s\u0103 depune\u021bi o pl\u00e2ngere la autoritatea pentru protec\u021bia datelor.  <\/p>\n\n<div style=\"height:50px\" aria-hidden=\"true\" class=\"wp-block-spacer\"><\/div>\n","protected":false},"excerpt":{"rendered":"<p>\u00cen aceast\u0103 declara\u021bie de confiden\u021bialitate, explic\u0103m ce facem cu datele pe care le ob\u021binem despre dvs. prin intermediul acestui site web. V\u0103 recomand\u0103m s\u0103 citi\u021bi cu aten\u021bie aceast\u0103 declara\u021bie. Atunci c\u00e2nd prelucr\u0103m datele dumneavoastr\u0103, respect\u0103m cerin\u021bele legisla\u021biei privind confiden\u021bialitatea. Aceasta \u00eenseamn\u0103, printre altele, c\u0103 : Dac\u0103 ave\u021bi \u00eentreb\u0103ri sau dori\u021bi s\u0103 \u0219ti\u021bi exact ce date [&hellip;]<\/p>\n","protected":false},"author":1,"featured_media":0,"parent":0,"menu_order":0,"comment_status":"closed","ping_status":"closed","template":"","meta":{"_acf_changed":false,"inline_featured_image":false,"footnotes":""},"categories":[64],"tags":[],"class_list":["post-1066","page","type-page","status-publish","hentry","category-juridice"],"acf":[],"_links":{"self":[{"href":"https:\/\/www.emergingskills.eu\/ro\/wp-json\/wp\/v2\/pages\/1066","targetHints":{"allow":["GET"]}}],"collection":[{"href":"https:\/\/www.emergingskills.eu\/ro\/wp-json\/wp\/v2\/pages"}],"about":[{"href":"https:\/\/www.emergingskills.eu\/ro\/wp-json\/wp\/v2\/types\/page"}],"author":[{"embeddable":true,"href":"https:\/\/www.emergingskills.eu\/ro\/wp-json\/wp\/v2\/users\/1"}],"replies":[{"embeddable":true,"href":"https:\/\/www.emergingskills.eu\/ro\/wp-json\/wp\/v2\/comments?post=1066"}],"version-history":[{"count":1,"href":"https:\/\/www.emergingskills.eu\/ro\/wp-json\/wp\/v2\/pages\/1066\/revisions"}],"predecessor-version":[{"id":1068,"href":"https:\/\/www.emergingskills.eu\/ro\/wp-json\/wp\/v2\/pages\/1066\/revisions\/1068"}],"wp:attachment":[{"href":"https:\/\/www.emergingskills.eu\/ro\/wp-json\/wp\/v2\/media?parent=1066"}],"wp:term":[{"taxonomy":"category","embeddable":true,"href":"https:\/\/www.emergingskills.eu\/ro\/wp-json\/wp\/v2\/categories?post=1066"},{"taxonomy":"post_tag","embeddable":true,"href":"https:\/\/www.emergingskills.eu\/ro\/wp-json\/wp\/v2\/tags?post=1066"}],"curies":[{"name":"wp","href":"https:\/\/api.w.org\/{rel}","templated":true}]}}